{"id":2737,"date":"2019-02-05T16:08:24","date_gmt":"2019-02-05T15:08:24","guid":{"rendered":"https:\/\/www.hotelambasciatoricattolica.it\/eventi-a-cattolica\/"},"modified":"2019-03-25T14:52:39","modified_gmt":"2019-03-25T13:52:39","slug":"cattolica-und-ihre-veranstaltungen","status":"publish","type":"page","link":"https:\/\/www.hotelambasciatoricattolica.it\/de\/cattolica-und-ihre-veranstaltungen\/","title":{"rendered":"Cattolica und ihre Veranstaltungen"},"content":{"rendered":"<h3>Special \u201ecattolica in blume\u201c und \u201eexpo den geschmack\u201c<\/h3>\n<p><img loading=\"lazy\" decoding=\"async\" class=\"alignleft wp-image-2066\" src=\"https:\/\/www.hotelambasciatoricattolica.it\/wp-content\/uploads\/2019\/02\/Gallery-Eventi-cattolica-01-Ambasciatori-Cattolica-1-300x300.jpg\" alt=\"\" width=\"400\" height=\"280\" data-big-size=\"1000x700\" \/><\/p>\n<p>Cattolica auf D\u00fcfte und Farben setzen in der Sommersaison zu etablieren, und sollte seine G\u00e4ste zu sein, die Stra\u00dfen der Innenstadt in einem gro\u00dfen Blumengarten , voller intensiver, leuchtenden Farben der Natur verwandeln und Musik . wird die Waterfront Rasi Spinelli Gastgeber der Expo von Land und Meer Aromen, Displays und Verkostung der regionalen Gastronomie, national und grenz\u00fcberschreitend .<\/p>\n<hr \/>\n<h3>Sonderschau \u201etanzenden font\u00e4nen\u201c<\/h3>\n<p><img loading=\"lazy\" decoding=\"async\" class=\"alignleft wp-image-2086\" src=\"https:\/\/www.hotelambasciatoricattolica.it\/wp-content\/uploads\/2019\/02\/Gallery-Eventi-cattolica-06-Ambasciatori-Cattolica-300x300.jpg\" alt=\"\" width=\"400\" height=\"280\" data-big-size=\"1000x700\" srcset=\"https:\/\/www.hotelambasciatoricattolica.it\/wp-content\/uploads\/2019\/02\/Gallery-Eventi-cattolica-06-Ambasciatori-Cattolica-768x538.jpg 768w, https:\/\/www.hotelambasciatoricattolica.it\/wp-content\/uploads\/2019\/02\/Gallery-Eventi-cattolica-06-Ambasciatori-Cattolica-57x40.jpg 57w, https:\/\/www.hotelambasciatoricattolica.it\/wp-content\/uploads\/2019\/02\/Gallery-Eventi-cattolica-06-Ambasciatori-Cattolica-72x50.jpg 72w, https:\/\/www.hotelambasciatoricattolica.it\/wp-content\/uploads\/2019\/02\/Gallery-Eventi-cattolica-06-Ambasciatori-Cattolica-114x80.jpg 114w, https:\/\/www.hotelambasciatoricattolica.it\/wp-content\/uploads\/2019\/02\/Gallery-Eventi-cattolica-06-Ambasciatori-Cattolica-144x101.jpg 144w, https:\/\/www.hotelambasciatoricattolica.it\/wp-content\/uploads\/2019\/02\/Gallery-Eventi-cattolica-06-Ambasciatori-Cattolica.jpg 1000w\" sizes=\"auto, (max-width: 400px) 100vw, 400px\" \/>Jede Nacht der Hauptplatz von Cattolica, Piazza 1\u00b0 Maggio wird lebendig: Sie k\u00f6nnen die Zu- und Abnahme der Wasserstrahlen zu Musik beobachten kann, von Walzer bis Rock, mit Lichtern spektakul\u00e4ren Farben. Dual-Termin um 21:45 Uhr und um 23:00 Uhr.<\/p>\n<hr \/>\n<h3>M\u00e4rkte<\/h3>\n<p><img loading=\"lazy\" decoding=\"async\" class=\"alignleft wp-image-2090\" src=\"https:\/\/www.hotelambasciatoricattolica.it\/wp-content\/uploads\/2019\/02\/Gallery-Eventi-cattolica-07-Ambasciatori-Cattolica-300x300.jpg\" alt=\"\" width=\"400\" height=\"280\" data-big-size=\"1000x700\" srcset=\"https:\/\/www.hotelambasciatoricattolica.it\/wp-content\/uploads\/2019\/02\/Gallery-Eventi-cattolica-07-Ambasciatori-Cattolica-768x538.jpg 768w, https:\/\/www.hotelambasciatoricattolica.it\/wp-content\/uploads\/2019\/02\/Gallery-Eventi-cattolica-07-Ambasciatori-Cattolica-57x40.jpg 57w, https:\/\/www.hotelambasciatoricattolica.it\/wp-content\/uploads\/2019\/02\/Gallery-Eventi-cattolica-07-Ambasciatori-Cattolica-72x50.jpg 72w, https:\/\/www.hotelambasciatoricattolica.it\/wp-content\/uploads\/2019\/02\/Gallery-Eventi-cattolica-07-Ambasciatori-Cattolica-114x80.jpg 114w, https:\/\/www.hotelambasciatoricattolica.it\/wp-content\/uploads\/2019\/02\/Gallery-Eventi-cattolica-07-Ambasciatori-Cattolica-144x101.jpg 144w, https:\/\/www.hotelambasciatoricattolica.it\/wp-content\/uploads\/2019\/02\/Gallery-Eventi-cattolica-07-Ambasciatori-Cattolica.jpg 1000w\" sizes=\"auto, (max-width: 400px) 100vw, 400px\" \/><\/p>\n<p>Wie jedes Cattolica Sommer bietet Abend Sommer M\u00e4rkte, von Mai bis September in den Hauptstra\u00dfen der Stadt. Eine Reihe von Sonderveranstaltungen mit der Tradition der Romagna Bereich mit Anzeigen von Lebensmittel, Kunsthandwerk und Kuriosit\u00e4ten; Antiquit\u00e4tenmarkt, Kunsthandwerk und Neugier: \u2013 Die Viale Matteotti K\u00fcnstler Piazza Matteotti: f\u00fcr alle Sommer diese Ereignisse in den Hauptstra\u00dfen von Cattolica stattfinden wird, lokale Spezialit\u00e4ten, Feinkost, Geschenke, Bio-Produkte und vieles mehr zu entdecken Via Pascoli \u2013 Flohmarkt : Dinge von alten Marktplatz und Sammlerst\u00fccke 1. Mai \u2013 der Kunst Mittwoch: Maler in Extempor\u00e4re<\/p>\n<hr \/>\n<h3>Gradara: Donnerstag des sclosses<\/h3>\n<p><img loading=\"lazy\" decoding=\"async\" class=\"alignleft wp-image-2148\" src=\"https:\/\/www.hotelambasciatoricattolica.it\/wp-content\/uploads\/2019\/02\/Gallery-Eventi-cattolica-08-Ambasciatori-Cattolica-300x300.jpg\" alt=\"\" width=\"400\" height=\"280\" data-big-size=\"1000x700\" srcset=\"https:\/\/www.hotelambasciatoricattolica.it\/wp-content\/uploads\/2019\/02\/Gallery-Eventi-cattolica-08-Ambasciatori-Cattolica-768x538.jpg 768w, https:\/\/www.hotelambasciatoricattolica.it\/wp-content\/uploads\/2019\/02\/Gallery-Eventi-cattolica-08-Ambasciatori-Cattolica-57x40.jpg 57w, https:\/\/www.hotelambasciatoricattolica.it\/wp-content\/uploads\/2019\/02\/Gallery-Eventi-cattolica-08-Ambasciatori-Cattolica-72x50.jpg 72w, https:\/\/www.hotelambasciatoricattolica.it\/wp-content\/uploads\/2019\/02\/Gallery-Eventi-cattolica-08-Ambasciatori-Cattolica-114x80.jpg 114w, https:\/\/www.hotelambasciatoricattolica.it\/wp-content\/uploads\/2019\/02\/Gallery-Eventi-cattolica-08-Ambasciatori-Cattolica-144x101.jpg 144w, https:\/\/www.hotelambasciatoricattolica.it\/wp-content\/uploads\/2019\/02\/Gallery-Eventi-cattolica-08-Ambasciatori-Cattolica.jpg 1000w\" sizes=\"auto, (max-width: 400px) 100vw, 400px\" \/><\/p>\n<p>Ein Trip in die Vergangenheit, die Sie im f\u00fcnfzehnten Jahrhundert transportieren wird, wenn in Gradara die Dorf Tore verschlossen waren und die Bauern wieder von der Arbeit Zuflucht innerhalb der Stadtmauern zu finden. Gioved\u00ec-al-Castello-1 Jeden Donnerstag von Mitte Juni bis September ist die mittelalterliche Abende mit historischen Gruppen von Gradara teilen \u2013 die alten T\u00e4nze der Gruppe \u201eDie Fabel Saltica\u201c \u2013 die \u201eWache\u201c Gradara \u2013 der \u201eCourt Malatesta \u201c \u2013 das Feuer Eater.<\/p>\n<hr \/>\n<h3>Hexen festival<\/h3>\n<p><img loading=\"lazy\" decoding=\"async\" class=\"alignleft wp-image-2165\" src=\"https:\/\/www.hotelambasciatoricattolica.it\/wp-content\/uploads\/2019\/02\/Gallery-Eventi-cattolica-12-Ambasciatori-Cattolica-300x300.jpg\" alt=\"\" width=\"400\" height=\"280\" data-big-size=\"1000x700\" srcset=\"https:\/\/www.hotelambasciatoricattolica.it\/wp-content\/uploads\/2019\/02\/Gallery-Eventi-cattolica-12-Ambasciatori-Cattolica-768x538.jpg 768w, https:\/\/www.hotelambasciatoricattolica.it\/wp-content\/uploads\/2019\/02\/Gallery-Eventi-cattolica-12-Ambasciatori-Cattolica-57x40.jpg 57w, https:\/\/www.hotelambasciatoricattolica.it\/wp-content\/uploads\/2019\/02\/Gallery-Eventi-cattolica-12-Ambasciatori-Cattolica-72x50.jpg 72w, https:\/\/www.hotelambasciatoricattolica.it\/wp-content\/uploads\/2019\/02\/Gallery-Eventi-cattolica-12-Ambasciatori-Cattolica-114x80.jpg 114w, https:\/\/www.hotelambasciatoricattolica.it\/wp-content\/uploads\/2019\/02\/Gallery-Eventi-cattolica-12-Ambasciatori-Cattolica-144x101.jpg 144w, https:\/\/www.hotelambasciatoricattolica.it\/wp-content\/uploads\/2019\/02\/Gallery-Eventi-cattolica-12-Ambasciatori-Cattolica.jpg 1000w\" sizes=\"auto, (max-width: 400px) 100vw, 400px\" \/><\/p>\n<p>Die Nacht der Hexen, Mitte Juni, in San Giovanni in Marignano ist ein besonderer Abend: Hexen, Bildern und Menschen in Tracht, alternative ganzen Abend in den Stra\u00dfen des Ortes, an Verkaufsst\u00e4nden , Auftritte von Stra\u00dfenk\u00fcnstlern , eine Menschenmenge von Menschen zu einem magischen Start Sommernacht ein paar Kilometer von der Adriak\u00fcste . Wir werden jedes Jahr diese starke Anziehungskraft Termin erneuert: die mittelalterlichen Dorf H\u00fcgel von Rimini erneuert die traditionelle Termin mit Hexen und ihre Welt der Magie und Zauber. Hexenverbrennungen , Alchemie, Prophezeiungen und Astrologie, aber auch Ausstellung von historischen Gruppen, Stra\u00dfenk\u00fcnstler , Akrobaten und Feuerschlucker , Jongleure und Stra\u00dfenh\u00e4ndler die Stra\u00dfen der sch\u00f6nen Dorf romagnolo.Spettacoli Theater \u00fcberfallen , Musiker und k\u00fcnstlerische Darbietungen, magische M\u00e4rkte, Delikatessen verkostet werden , thematische Ausstellungen, bewusstlos Pfade, frequentiert Atmosph\u00e4re werden die G\u00e4ste von 21 Stunden in die Nacht bringen.<\/p>\n<hr \/>\n<h3>10\u00b0 WDW und Pink night<\/h3>\n<p><img loading=\"lazy\" decoding=\"async\" class=\"alignleft wp-image-2161\" src=\"https:\/\/www.hotelambasciatoricattolica.it\/wp-content\/uploads\/2019\/02\/Gallery-Eventi-cattolica-11-Ambasciatori-Cattolica-300x300.jpg\" alt=\"\" width=\"400\" height=\"280\" data-big-size=\"1000x700\" srcset=\"https:\/\/www.hotelambasciatoricattolica.it\/wp-content\/uploads\/2019\/02\/Gallery-Eventi-cattolica-11-Ambasciatori-Cattolica-768x538.jpg 768w, https:\/\/www.hotelambasciatoricattolica.it\/wp-content\/uploads\/2019\/02\/Gallery-Eventi-cattolica-11-Ambasciatori-Cattolica-57x40.jpg 57w, https:\/\/www.hotelambasciatoricattolica.it\/wp-content\/uploads\/2019\/02\/Gallery-Eventi-cattolica-11-Ambasciatori-Cattolica-72x50.jpg 72w, https:\/\/www.hotelambasciatoricattolica.it\/wp-content\/uploads\/2019\/02\/Gallery-Eventi-cattolica-11-Ambasciatori-Cattolica-114x80.jpg 114w, https:\/\/www.hotelambasciatoricattolica.it\/wp-content\/uploads\/2019\/02\/Gallery-Eventi-cattolica-11-Ambasciatori-Cattolica-144x101.jpg 144w, https:\/\/www.hotelambasciatoricattolica.it\/wp-content\/uploads\/2019\/02\/Gallery-Eventi-cattolica-11-Ambasciatori-Cattolica.jpg 1000w\" sizes=\"auto, (max-width: 400px) 100vw, 400px\" \/><br \/>\nAuf dem World Ducati Week, der Rennstrecke Misano und die Riviera sind rot gef\u00e4rbt: Ducati seine ersten 90 Jahre feiert.<\/p>\n<p>Gleichzeitig w\u00e4hrend der \u201eNeujahrs Summer\u201c wird alles mit rosa gef\u00e4rbt: von der lokalen bis Str\u00e4nde und sogar die Tortillas! 3 Tage absolute Spa\u00df auf Meer, Sonne, Musik undFeuerwerk , das die Kulisse f\u00fcr die 110 km Riviera sein wird.<\/p>\n","protected":false},"excerpt":{"rendered":"<p>Special \u201ecattolica in blume\u201c und \u201eexpo den geschmack\u201c Cattolica auf D\u00fcfte und Farben setzen in der Sommersaison zu etablieren, und sollte seine G\u00e4ste zu sein, die Stra\u00dfen der Innenstadt in einem gro\u00dfen Blumengarten , voller intensiver, leuchtenden Farben der Natur verwandeln und Musik . wird die Waterfront Rasi Spinelli Gastgeber der Expo von Land und Meer Aromen, Displays und Verkostung der regionalen Gastronomie, national und grenz\u00fcberschreitend . Sonderschau \u201etanzenden font\u00e4nen\u201c &#8230;<\/p>\n","protected":false},"author":1,"featured_media":4375,"parent":0,"menu_order":0,"comment_status":"closed","ping_status":"closed","template":"","meta":{"_acf_changed":false},"class_list":["post-2737","page","type-page","status-publish","has-post-thumbnail","hentry"],"acf":[],"_links":{"self":[{"href":"https:\/\/www.hotelambasciatoricattolica.it\/de\/wp-json\/wp\/v2\/pages\/2737","targetHints":{"allow":["GET"]}}],"collection":[{"href":"https:\/\/www.hotelambasciatoricattolica.it\/de\/wp-json\/wp\/v2\/pages"}],"about":[{"href":"https:\/\/www.hotelambasciatoricattolica.it\/de\/wp-json\/wp\/v2\/types\/page"}],"author":[{"embeddable":true,"href":"https:\/\/www.hotelambasciatoricattolica.it\/de\/wp-json\/wp\/v2\/users\/1"}],"replies":[{"embeddable":true,"href":"https:\/\/www.hotelambasciatoricattolica.it\/de\/wp-json\/wp\/v2\/comments?post=2737"}],"version-history":[{"count":0,"href":"https:\/\/www.hotelambasciatoricattolica.it\/de\/wp-json\/wp\/v2\/pages\/2737\/revisions"}],"wp:featuredmedia":[{"embeddable":true,"href":"https:\/\/www.hotelambasciatoricattolica.it\/de\/wp-json\/wp\/v2\/media\/4375"}],"wp:attachment":[{"href":"https:\/\/www.hotelambasciatoricattolica.it\/de\/wp-json\/wp\/v2\/media?parent=2737"}],"curies":[{"name":"wp","href":"https:\/\/api.w.org\/{rel}","templated":true}]}}